{"id":10641,"date":"2026-01-19T12:20:43","date_gmt":"2026-01-19T11:20:43","guid":{"rendered":"https:\/\/egtvedcamping.dk\/fruehling-und-herbst\/"},"modified":"2026-02-02T23:01:55","modified_gmt":"2026-02-02T22:01:55","slug":"fruehling-und-herbst","status":"publish","type":"page","link":"https:\/\/egtvedcamping.dk\/de\/fruehling-und-herbst\/","title":{"rendered":"Fr\u00fchling und Herbst"},"content":{"rendered":"<!--themify_builder_content-->\n<div id=\"themify_builder_content-10641\" data-postid=\"10641\" class=\"themify_builder_content themify_builder_content-10641 themify_builder tf_clear\">\n                    <div  data-lazy=\"1\" class=\"module_row themify_builder_row tb_inbk983 tb_first tf_w\">\n                        <div class=\"row_inner col_align_top tb_col_count_1 tf_box tf_rel\">\n                        <div  data-lazy=\"1\" class=\"module_column tb-column col-full tb_9uja983 first\">\n                            <div  data-lazy=\"1\" class=\"module_subrow themify_builder_sub_row tf_w col_align_top tb_col_count_2 tb_uuvq571\">\n                <div  data-lazy=\"1\" class=\"module_column sub_column col4-2 tb_m3fj571 first\">\n                    <!-- module text -->\n<div  class=\"module module-text tb_37hr338   \" data-lazy=\"1\">\n        <div  class=\"tb_text_wrap\">\n        <h1>Fr\u00fchling und Herbst<span style=\"color: rgb(102, 102, 102); font-size: 1em; font-weight: normal; letter-spacing: -0.03em;\">&nbsp;<\/span><\/h1>    <\/div>\n<\/div>\n<!-- \/module text -->        <\/div>\n                    <div  data-lazy=\"1\" class=\"module_column sub_column col4-2 tb_ewzn571 last\">\n                            <\/div>\n                    <\/div>\n                <div  data-lazy=\"1\" class=\"module_subrow themify_builder_sub_row tf_w col_align_top tb_col_count_2 tb_3pyv548\">\n                <div  data-lazy=\"1\" class=\"module_column sub_column col4-2 tb_9jq2548 first\">\n                    <!-- module text -->\n<div  class=\"module module-text tb_igtv548   \" data-lazy=\"1\">\n        <div  class=\"tb_text_wrap\">\n        <h2>Das ganze Jahr \u00fcber ge\u00f6ffnet<\/h2>\n<p>Camping au\u00dferhalb der Saison ist eine Option auf Egtved Camping, da wir das ganze Jahr \u00fcber ge\u00f6ffnet sind.<\/p>\n<p>Manche Camper ziehen im Sommer gerne mit ihrem Wohnwagen umher, genie\u00dfen es aber, in der Nebensaison eine feste Basis zu haben, um von zu Hause wegzukommen, ohne sich jedes Mal, wenn sie unterwegs sind, um einen neuen Standort k\u00fcmmern zu m\u00fcssen.  <\/p>\n<h2>Saisonale Stellpl\u00e4tze<\/h2>\n<p>Zu diesem Zweck bieten wir Saisonpl\u00e4tze f\u00fcr den Fr\u00fchling oder den Herbst an. Das sind zwei ganz unterschiedliche Arten des Campings, obwohl es sich im Grunde um die gleiche Art von Aufenthalt handelt. N\u00e4mlich auf dem Campingplatz zu sein, wo weniger los ist, weniger Touristen und somit mehr Pr\u00e4senz unter den G\u00e4sten, die vor Ort sind.  <\/p>\n<p>Nat\u00fcrlich k\u00f6nnen Sie auch f\u00fcr ein paar Tage zelten, Sie m\u00fcssen nicht unbedingt einen Saisonplatz buchen<\/p>\n<p> <\/p>    <\/div>\n<\/div>\n<!-- \/module text -->        <\/div>\n                    <div  data-lazy=\"1\" class=\"module_column sub_column col4-2 tb_c2dw548 last\">\n                    <!-- module image -->\n<div  class=\"module module-image tb_2zxg548 image-top   tf_mw\" data-lazy=\"1\">\n        <div class=\"image-wrap tf_rel tf_mw\">\n            <img decoding=\"async\" width=\"1440\" height=\"1920\" src=\"https:\/\/egtvedcamping.dk\/wp-content\/uploads\/2026\/01\/2A8C85EB-5A04-48F1-A4DC-C2FFA113546D.webp\" class=\"wp-post-image wp-image-10576\" title=\"2A8C85EB-5A04-48F1-A4DC-C2FFA113546D\" alt=\"2A8C85EB-5A04-48F1-A4DC-C2FFA113546D\" srcset=\"https:\/\/egtvedcamping.dk\/wp-content\/uploads\/2026\/01\/2A8C85EB-5A04-48F1-A4DC-C2FFA113546D.webp 1440w, https:\/\/egtvedcamping.dk\/wp-content\/uploads\/2026\/01\/2A8C85EB-5A04-48F1-A4DC-C2FFA113546D-225x300.webp 225w, https:\/\/egtvedcamping.dk\/wp-content\/uploads\/2026\/01\/2A8C85EB-5A04-48F1-A4DC-C2FFA113546D-768x1024.webp 768w, https:\/\/egtvedcamping.dk\/wp-content\/uploads\/2026\/01\/2A8C85EB-5A04-48F1-A4DC-C2FFA113546D-1152x1536.webp 1152w\" sizes=\"(max-width: 1440px) 100vw, 1440px\" \/>    \n        <\/div>\n    <!-- \/image-wrap -->\n    \n        <\/div>\n<!-- \/module image -->        <\/div>\n                    <\/div>\n                <div  data-lazy=\"1\" class=\"module_subrow themify_builder_sub_row tf_w col_align_top tb_col_count_2 tb_s6mj467\">\n                <div  data-lazy=\"1\" class=\"module_column sub_column col4-2 tb_dgnt467 first\">\n                    <!-- module text -->\n<div  class=\"module module-text tb_1rgi467   \" data-lazy=\"1\">\n        <div  class=\"tb_text_wrap\">\n        <h2>Fr\u00fchlingszeit<\/h2>\n<p>Der Fr\u00fchling ist gekennzeichnet durch die Vorbereitung auf die Ankunft des Sommers, und hier beginnt der Fr\u00fchling bereits am Freitag in Woche 11, also Mitte M\u00e4rz. Er dauert bis Freitag in Woche 25. <\/p>\n<p>Als Camper werden Sie Zeuge, wie Hecken gestutzt, Terrassen entr\u00fcmpelt, Fahnenmasten aufgestellt, Spielpl\u00e4tze gej\u00e4tet, Glamping-Zelte aufgebaut, H\u00fctten gestrichen, Gartenm\u00f6bel aufgestellt werden und vieles, vieles mehr. Die Ruhe vor dem Sturm.   <\/p>\n<h2>Vintercampisterne<\/h2>\n<p>Dies ist auch die Zeit, in der die Wintercamper aus dem Winterschlaf erwachen und \u00e4u\u00dferst neugierig auf die neuen Nachbarn sind. Sowohl diejenigen, die noch nicht \u00fcberwintert haben, als auch diejenigen, die gerade einen Fr\u00fchlingsplatz erworben haben. Eines der Anzeichen daf\u00fcr, dass der Fr\u00fchling im Anmarsch ist, ist die \u00d6ffnung des Wassers auf dem Campingplatz. Dann fangen die Leute an, ihre Wohnwagen zu reinigen.     <\/p>\n<p>Viele Menschen haben das Bed\u00fcrfnis, nach dem Winterschlaf ein wenig aktiv zu sein, und im April laden wir alle, die mit anpacken wollen, zu einem gemeinsamen Arbeitstag ein, an dem wir den Platz auf Vordermann bringen, damit er sch\u00f6n aussieht und f\u00fcr viele gl\u00fcckliche Camper bereit ist. Der Arbeitstag ist ein Tag, an dem wir als Gastgeber ein paar dringend ben\u00f6tigte helfende H\u00e4nde bekommen. Ein gro\u00dfer Bonus sowohl f\u00fcr uns als auch f\u00fcr die Camper ist, dass das Gef\u00fchl des Eigentums an Egtved Camping gest\u00e4rkt wird, wenn Camper und andere G\u00e4ste bei der Instandhaltung des Platzes helfen. Verantwortung und Eigenverantwortung sind ein gro\u00dfer Wert f\u00fcr uns, und wir k\u00f6nnen nur stolz sein auf den Zusammenhalt, den unsere Camper zeigen, besonders an einem Tag wie diesem! Keine Aufgabe ist zu klein, es gibt Platz f\u00fcr alle Arten von Hilfe.     <\/p>\n<h2>Herbst<\/h2>\n<p>Der Herbst ist nat\u00fcrlich eine andere Art von gesch\u00e4ftiger Zeit, da alles zusammengepackt und f\u00fcr den Winter vorbereitet werden muss. Die Konzertpavillons werden abgebaut, das H\u00fctteninventar wird in Kisten verpackt, das Wasser auf dem Gel\u00e4nde wird abgestellt, das Laub wird zusammengeharkt und das Gras wird zum letzten Mal geschnitten. Die Herbstsaison dauert von Ende August bis zu den Herbstferien in Woche 42.  <\/p>    <\/div>\n<\/div>\n<!-- \/module text -->        <\/div>\n                    <div  data-lazy=\"1\" class=\"module_column sub_column col4-2 tb_3qra467 last\">\n                    <!-- module image -->\n<div  class=\"module module-image tb_fc8d338 image-top   tf_mw\" data-lazy=\"1\">\n        <div class=\"image-wrap tf_rel tf_mw\">\n            <img decoding=\"async\" width=\"1039\" height=\"1920\" src=\"https:\/\/egtvedcamping.dk\/wp-content\/uploads\/2026\/01\/IMG_5645.webp\" class=\"wp-post-image wp-image-10577\" title=\"IMG_5645\" alt=\"IMG_5645\" srcset=\"https:\/\/egtvedcamping.dk\/wp-content\/uploads\/2026\/01\/IMG_5645.webp 1039w, https:\/\/egtvedcamping.dk\/wp-content\/uploads\/2026\/01\/IMG_5645-162x300.webp 162w, https:\/\/egtvedcamping.dk\/wp-content\/uploads\/2026\/01\/IMG_5645-554x1024.webp 554w, https:\/\/egtvedcamping.dk\/wp-content\/uploads\/2026\/01\/IMG_5645-768x1419.webp 768w, https:\/\/egtvedcamping.dk\/wp-content\/uploads\/2026\/01\/IMG_5645-831x1536.webp 831w\" sizes=\"(max-width: 1039px) 100vw, 1039px\" \/>    \n        <\/div>\n    <!-- \/image-wrap -->\n    \n        <\/div>\n<!-- \/module image -->        <\/div>\n                    <\/div>\n                <div  data-lazy=\"1\" class=\"module_subrow themify_builder_sub_row tf_w col_align_top tb_col_count_2 tb_y2xq96\">\n                <div  data-lazy=\"1\" class=\"module_column sub_column col4-2 tb_tob296 first\">\n                    <!-- module text -->\n<div  class=\"module module-text tb_n0dg96   \" data-lazy=\"1\">\n        <div  class=\"tb_text_wrap\">\n        <h2>Gem\u00fctlichkeit und Entspannung<\/h2>\n<p>Die gro\u00dfe Mehrheit der Camper liebt Gem\u00fctlichkeit und Entspannung, und das sind zwei Schl\u00fcsselw\u00f6rter, die Egtved Camping auszeichnen. Entschleunigung. Und das k\u00f6nnen Sie nicht vermeiden, wenn Sie in der Nebensaison campen.  <\/p>\n<p>Hier erleben Sie die Vorher- und Nachher-Party. Sie erleben den Bau und den Abriss. <\/p>\n<p>Fr\u00fchling und Herbst sind nat\u00fcrlich anders als Sommer und Winter. W\u00e4hrend der Sommercampingplatz gesch\u00e4ftig und gesch\u00e4ftig ist und der Winter das genaue Gegenteil ist, liegen Fr\u00fchling und Herbst genau dazwischen.   <\/p>\n<h2>Die aufkeimende Natur<\/h2>\n<p>Sie k\u00f6nnen die aufbl\u00fchende Natur genie\u00dfen, jeden Tag gibt es neue Baumknospen, neue Vogelstimmen und im sp\u00e4ten Fr\u00fchling h\u00f6ren Sie vielleicht schon die Nachtigall. Auch das Campingleben im Fr\u00fchling ist etwas Besonderes. Sie werden Camper sehen, die in Decken eingewickelt auf ihren Gartenm\u00f6beln sitzen und die ersten Sonnenstrahlen aufsaugen, das Wasser auf dem Campingplatz flie\u00dft und \u00fcberall h\u00f6rt man das leise Klirren von Kaffeetassen.    <\/p>\n<p>Im Herbst, wenn die Bl\u00e4tter fallen, werden Sie Camper sehen, die Tag f\u00fcr Tag die letzte W\u00e4rme aus der Sonne herausholen, um sich dann kurz vor dem Winter wieder in die H\u00e4user zu verkriechen.  <\/p>\n<p> <\/p>    <\/div>\n<\/div>\n<!-- \/module text -->        <\/div>\n                    <div  data-lazy=\"1\" class=\"module_column sub_column col4-2 tb_8je296 last\">\n                    <!-- module image -->\n<div  class=\"module module-image tb_urws338 image-top   tf_mw\" data-lazy=\"1\">\n        <div class=\"image-wrap tf_rel tf_mw\">\n            <img decoding=\"async\" width=\"1220\" height=\"1920\" src=\"https:\/\/egtvedcamping.dk\/wp-content\/uploads\/2026\/01\/IMG_5644.webp\" class=\"wp-post-image wp-image-10578\" title=\"IMG_5644\" alt=\"IMG_5644\" srcset=\"https:\/\/egtvedcamping.dk\/wp-content\/uploads\/2026\/01\/IMG_5644.webp 1220w, https:\/\/egtvedcamping.dk\/wp-content\/uploads\/2026\/01\/IMG_5644-191x300.webp 191w, https:\/\/egtvedcamping.dk\/wp-content\/uploads\/2026\/01\/IMG_5644-651x1024.webp 651w, https:\/\/egtvedcamping.dk\/wp-content\/uploads\/2026\/01\/IMG_5644-768x1209.webp 768w, https:\/\/egtvedcamping.dk\/wp-content\/uploads\/2026\/01\/IMG_5644-976x1536.webp 976w\" sizes=\"(max-width: 1220px) 100vw, 1220px\" \/>    \n        <\/div>\n    <!-- \/image-wrap -->\n    \n        <\/div>\n<!-- \/module image -->        <\/div>\n                    <\/div>\n                <div  data-lazy=\"1\" class=\"module_subrow themify_builder_sub_row tf_w col_align_top tb_col_count_2 tb_bp5d815\">\n                <div  data-lazy=\"1\" class=\"module_column sub_column col4-2 tb_d49v815 first\">\n                    <!-- module text -->\n<div  class=\"module module-text tb_h92o815   \" data-lazy=\"1\">\n        <div  class=\"tb_text_wrap\">\n        <h2>Camping in der Nebensaison<\/h2>\n<p>Camping in der Nebensaison auf Egtved Camping gibt Ihnen die M\u00f6glichkeit, es sich in unseren Gemeinschaftsr\u00e4umen gem\u00fctlich zu machen. Im Fr\u00fchjahr h\u00e4ufen sich die Gemeinschaftsveranstaltungen, die Menschen sind begierig darauf, andere kennenzulernen, und ein gemeinsames Essen ist immer ein guter Ausgangspunkt f\u00fcr die Geselligkeit, die die treibende Kraft des Campinglebens ist. Im Herbst werden die Dinge langsamer, aber das bedeutet nicht, dass Sie sich langweilen m\u00fcssen.  &nbsp;&nbsp;Wir laden regelm\u00e4\u00dfig Leute zum Sonntagsmorgenkaffee ein oder schauen uns gemeinsam ein Fu\u00dfballspiel im Gemeinschaftsraum an, w\u00e4hrend wir gemeinsam eine Grillwurst essen. Oft sind es nur wenige Leute, aber dennoch sehr, sehr gem\u00fctlich, unpr\u00e4tenti\u00f6s und intim. Eine Variante, die Sie im Sommer nicht erleben. Echte Weiberzeit! <\/p>\n<h2><br><\/h2>    <\/div>\n<\/div>\n<!-- \/module text -->        <\/div>\n                    <div  data-lazy=\"1\" class=\"module_column sub_column col4-2 tb_jlxk815 last\">\n                    <!-- module image -->\n<div  class=\"module module-image tb_hm6x338 image-top   tf_mw\" data-lazy=\"1\">\n        <div class=\"image-wrap tf_rel tf_mw\">\n            <img decoding=\"async\" width=\"1920\" height=\"1440\" src=\"https:\/\/egtvedcamping.dk\/wp-content\/uploads\/2026\/01\/IMG_7733.webp\" class=\"wp-post-image wp-image-10579\" title=\"IMG_7733\" alt=\"IMG_7733\" srcset=\"https:\/\/egtvedcamping.dk\/wp-content\/uploads\/2026\/01\/IMG_7733.webp 1920w, https:\/\/egtvedcamping.dk\/wp-content\/uploads\/2026\/01\/IMG_7733-300x225.webp 300w, https:\/\/egtvedcamping.dk\/wp-content\/uploads\/2026\/01\/IMG_7733-1024x768.webp 1024w, https:\/\/egtvedcamping.dk\/wp-content\/uploads\/2026\/01\/IMG_7733-768x576.webp 768w, https:\/\/egtvedcamping.dk\/wp-content\/uploads\/2026\/01\/IMG_7733-1536x1152.webp 1536w\" sizes=\"(max-width: 1920px) 100vw, 1920px\" \/>    \n        <\/div>\n    <!-- \/image-wrap -->\n    \n        <\/div>\n<!-- \/module image -->        <\/div>\n                    <\/div>\n                <div  data-lazy=\"1\" class=\"module_subrow themify_builder_sub_row tf_w col_align_top tb_col_count_2 tb_qhvx312\">\n                <div  data-lazy=\"1\" class=\"module_column sub_column col4-2 tb_4a3c312 first\">\n                    <!-- module text -->\n<div  class=\"module module-text tb_dx54312   \" data-lazy=\"1\">\n        <div  class=\"tb_text_wrap\">\n        <h2>Saisonale Stellpl\u00e4tze<\/h2>\n<p>Unser Gesch\u00e4ft und unsere Rezeption haben in der Nebensaison eingeschr\u00e4nkte \u00d6ffnungszeiten. Saisonale Stellpl\u00e4tze werden in Zusammenarbeit mit uns gebucht, aber Sie k\u00f6nnen Wochenend- oder Tagesaufenthalte online buchen und mit dem Code auf Ihrer Buchungsbest\u00e4tigung einchecken. Sie werden dann zu ausgew\u00e4hlten Stellpl\u00e4tzen geleitet, da in der Nebensaison nicht alle Stellpl\u00e4tze mit dem Wohnwagen zug\u00e4nglich sind. Wenn Sie Hilfe ben\u00f6tigen oder einfach einen pers\u00f6nlichen Service bevorzugen, k\u00f6nnen Sie zwischen 9-17 Uhr anrufen.   <\/p>\n<h2>Dienstleistungsgeb\u00e4ude<\/h2>\n<p>Unsere Servicegeb\u00e4ude, d.h. Dusche und K\u00fcche, sind nat\u00fcrlich beheizt, aber es stehen weniger Toiletten zur Verf\u00fcgung.<\/p>    <\/div>\n<\/div>\n<!-- \/module text -->        <\/div>\n                    <div  data-lazy=\"1\" class=\"module_column sub_column col4-2 tb_uxg2312 last\">\n                    <!-- module image -->\n<div  class=\"module module-image tb_n9sw338 image-top   tf_mw\" data-lazy=\"1\">\n        <div class=\"image-wrap tf_rel tf_mw\">\n            <img decoding=\"async\" width=\"1920\" height=\"1440\" src=\"https:\/\/egtvedcamping.dk\/wp-content\/uploads\/2026\/01\/image3.webp\" class=\"wp-post-image wp-image-10583\" title=\"image3\" alt=\"image3\" srcset=\"https:\/\/egtvedcamping.dk\/wp-content\/uploads\/2026\/01\/image3.webp 1920w, https:\/\/egtvedcamping.dk\/wp-content\/uploads\/2026\/01\/image3-300x225.webp 300w, https:\/\/egtvedcamping.dk\/wp-content\/uploads\/2026\/01\/image3-1024x768.webp 1024w, https:\/\/egtvedcamping.dk\/wp-content\/uploads\/2026\/01\/image3-768x576.webp 768w, https:\/\/egtvedcamping.dk\/wp-content\/uploads\/2026\/01\/image3-1536x1152.webp 1536w\" sizes=\"(max-width: 1920px) 100vw, 1920px\" \/>    \n        <\/div>\n    <!-- \/image-wrap -->\n    \n        <\/div>\n<!-- \/module image -->        <\/div>\n                    <\/div>\n                <div  data-lazy=\"1\" class=\"module_subrow themify_builder_sub_row tf_w col_align_top tb_col_count_2 tb_b06m705\">\n                <div  data-lazy=\"1\" class=\"module_column sub_column col4-2 tb_po0y705 first\">\n                    <!-- module text -->\n<div  class=\"module module-text tb_qnlx705   \" data-lazy=\"1\">\n        <div  class=\"tb_text_wrap\">\n        <h2>Au\u00dferhalb der Saison<\/h2>\n<p>Wenn Sie Egtved Camping au\u00dferhalb der Saison erleben m\u00f6chten, aber entweder keinen Wohnwagen haben oder nur im Sommer campen m\u00f6chten, k\u00f6nnen Sie einige unserer H\u00fctten auch in den Wintermonaten mieten. Unsere Mobilheime sind beheizt und bieten Ihnen die M\u00f6glichkeit, das Campingleben zu erleben, ohne in einem Wohnwagen wohnen zu m\u00fcssen. Sie genie\u00dfen den Luxus, nicht mit kalten Schuhen zum Servicegeb\u00e4ude gehen zu m\u00fcssen, w\u00e4hrend Sie sich mit anderen Campern treffen k\u00f6nnen, wenn Sie m\u00f6chten.  <\/p>\n<p>Die Gegend um Egtved ist ein einziges gro\u00dfes Eiszeitrelikt und f\u00fcr Naturliebhaber ist es sehr aufregend, die Natur zu erleben, die sich je nach Jahreszeit ver\u00e4ndert, in der Sie ihr begegnen. Die Natur ist hier immer pr\u00e4chtig und den Wechsel der Jahreszeiten zu erleben, wenn sich die Farben der Bl\u00e4tter \u00e4ndern, die Tage k\u00fcrzer oder l\u00e4nger werden, der Herbstwind direkt vor der T\u00fcr pfeift und der Fr\u00fchlingsregen leise gegen die Zeltplane oder das Dach des Wohnwagens klopft, macht das Campen zu einem einzigartigen Erlebnis. <\/p>\n<p>Das Urlaubserlebnis des Campings in den \u00e4u\u00dferen Jahreszeiten auf Egtved Camping ist eine Kombination aus Natur, Zweisamkeit und Gem\u00fctlichkeit und ist eine gute Option f\u00fcr alle, die Ruhe, Intimit\u00e4t und neue Eindr\u00fccke mit ihren Lieben oder mit anderen Campern suchen.<\/p>    <\/div>\n<\/div>\n<!-- \/module text -->        <\/div>\n                    <div  data-lazy=\"1\" class=\"module_column sub_column col4-2 tb_d3a4705 last\">\n                    <!-- module image -->\n<div  class=\"module module-image tb_gdtt338 image-top   tf_mw\" data-lazy=\"1\">\n        <div class=\"image-wrap tf_rel tf_mw\">\n            <img decoding=\"async\" width=\"1920\" height=\"1440\" src=\"https:\/\/egtvedcamping.dk\/wp-content\/uploads\/2026\/01\/1000015457.webp\" class=\"wp-post-image wp-image-10586\" title=\"1000015457\" alt=\"1000015457\" srcset=\"https:\/\/egtvedcamping.dk\/wp-content\/uploads\/2026\/01\/1000015457.webp 1920w, https:\/\/egtvedcamping.dk\/wp-content\/uploads\/2026\/01\/1000015457-300x225.webp 300w, https:\/\/egtvedcamping.dk\/wp-content\/uploads\/2026\/01\/1000015457-1024x768.webp 1024w, https:\/\/egtvedcamping.dk\/wp-content\/uploads\/2026\/01\/1000015457-768x576.webp 768w, https:\/\/egtvedcamping.dk\/wp-content\/uploads\/2026\/01\/1000015457-1536x1152.webp 1536w\" sizes=\"(max-width: 1920px) 100vw, 1920px\" \/>    \n        <\/div>\n    <!-- \/image-wrap -->\n    \n        <\/div>\n<!-- \/module image -->        <\/div>\n                    <\/div>\n                <\/div>\n                        <\/div>\n        <\/div>\n        <\/div>\n<!--\/themify_builder_content-->","protected":false},"excerpt":{"rendered":"<p>Fr\u00fchling und Herbst&nbsp;<\/p>\n","protected":false},"author":8,"featured_media":0,"parent":0,"menu_order":0,"comment_status":"closed","ping_status":"closed","template":"","meta":{"footnotes":""},"class_list":["post-10641","page","type-page","status-publish","hentry","has-post-title","has-post-date","has-post-category","has-post-tag","has-post-comment","has-post-author",""],"yoast_head":"<!-- This site is optimized with the Yoast SEO Premium plugin v27.5 (Yoast SEO v27.5) - https:\/\/yoast.com\/product\/yoast-seo-premium-wordpress\/ -->\n<title>Fr\u00fchling und Herbst - Egtved Camping<\/title>\n<meta name=\"description\" content=\"Wir bieten saisonale Stellpl\u00e4tze f\u00fcr den Fr\u00fchling oder den Herbst an. Das sind ganz unterschiedliche Arten des Campings.\" \/>\n<meta name=\"robots\" content=\"index, follow, max-snippet:-1, max-image-preview:large, max-video-preview:-1\" \/>\n<link rel=\"canonical\" href=\"https:\/\/egtvedcamping.dk\/de\/fruehling-und-herbst\/\" \/>\n<meta property=\"og:locale\" content=\"de_DE\" \/>\n<meta property=\"og:type\" content=\"article\" \/>\n<meta property=\"og:title\" content=\"Fr\u00fchling und Herbst\" \/>\n<meta property=\"og:description\" content=\"Wir bieten saisonale Stellpl\u00e4tze f\u00fcr den Fr\u00fchling oder den Herbst an. Das sind ganz unterschiedliche Arten des Campings.\" \/>\n<meta property=\"og:url\" content=\"https:\/\/egtvedcamping.dk\/de\/fruehling-und-herbst\/\" \/>\n<meta property=\"og:site_name\" content=\"Egtved Camping\" \/>\n<meta property=\"article:publisher\" content=\"https:\/\/www.facebook.com\/profile.php?id=100064243891441\" \/>\n<meta property=\"article:modified_time\" content=\"2026-02-02T22:01:55+00:00\" \/>\n<meta property=\"og:image\" content=\"https:\/\/egtvedcamping.dk\/wp-content\/uploads\/2026\/01\/2A8C85EB-5A04-48F1-A4DC-C2FFA113546D.webp\" \/>\n<meta name=\"twitter:label1\" content=\"Gesch\u00e4tzte Lesezeit\" \/>\n\t<meta name=\"twitter:data1\" content=\"28\u00a0Minuten\" \/>\n<script type=\"application\/ld+json\" class=\"yoast-schema-graph\">{\"@context\":\"https:\\\/\\\/schema.org\",\"@graph\":[{\"@type\":\"WebPage\",\"@id\":\"https:\\\/\\\/egtvedcamping.dk\\\/de\\\/fruehling-und-herbst\\\/\",\"url\":\"https:\\\/\\\/egtvedcamping.dk\\\/de\\\/fruehling-und-herbst\\\/\",\"name\":\"Fr\u00fchling und Herbst - Egtved Camping\",\"isPartOf\":{\"@id\":\"https:\\\/\\\/egtvedcamping.dk\\\/de\\\/#website\"},\"primaryImageOfPage\":{\"@id\":\"https:\\\/\\\/egtvedcamping.dk\\\/de\\\/fruehling-und-herbst\\\/#primaryimage\"},\"image\":{\"@id\":\"https:\\\/\\\/egtvedcamping.dk\\\/de\\\/fruehling-und-herbst\\\/#primaryimage\"},\"thumbnailUrl\":\"https:\\\/\\\/egtvedcamping.dk\\\/wp-content\\\/uploads\\\/2026\\\/01\\\/2A8C85EB-5A04-48F1-A4DC-C2FFA113546D.webp\",\"datePublished\":\"2026-01-19T11:20:43+00:00\",\"dateModified\":\"2026-02-02T22:01:55+00:00\",\"description\":\"Wir bieten saisonale Stellpl\u00e4tze f\u00fcr den Fr\u00fchling oder den Herbst an. Das sind ganz unterschiedliche Arten des Campings.\",\"breadcrumb\":{\"@id\":\"https:\\\/\\\/egtvedcamping.dk\\\/de\\\/fruehling-und-herbst\\\/#breadcrumb\"},\"inLanguage\":\"de\",\"potentialAction\":[{\"@type\":\"ReadAction\",\"target\":[\"https:\\\/\\\/egtvedcamping.dk\\\/de\\\/fruehling-und-herbst\\\/\"]}]},{\"@type\":\"ImageObject\",\"inLanguage\":\"de\",\"@id\":\"https:\\\/\\\/egtvedcamping.dk\\\/de\\\/fruehling-und-herbst\\\/#primaryimage\",\"url\":\"https:\\\/\\\/egtvedcamping.dk\\\/wp-content\\\/uploads\\\/2026\\\/01\\\/2A8C85EB-5A04-48F1-A4DC-C2FFA113546D.webp\",\"contentUrl\":\"https:\\\/\\\/egtvedcamping.dk\\\/wp-content\\\/uploads\\\/2026\\\/01\\\/2A8C85EB-5A04-48F1-A4DC-C2FFA113546D.webp\"},{\"@type\":\"BreadcrumbList\",\"@id\":\"https:\\\/\\\/egtvedcamping.dk\\\/de\\\/fruehling-und-herbst\\\/#breadcrumb\",\"itemListElement\":[{\"@type\":\"ListItem\",\"position\":1,\"name\":\"Home\",\"item\":\"https:\\\/\\\/egtvedcamping.dk\\\/de\\\/egtved-camping\\\/\"},{\"@type\":\"ListItem\",\"position\":2,\"name\":\"Fr\u00fchling und Herbst\"}]},{\"@type\":\"WebSite\",\"@id\":\"https:\\\/\\\/egtvedcamping.dk\\\/de\\\/#website\",\"url\":\"https:\\\/\\\/egtvedcamping.dk\\\/de\\\/\",\"name\":\"Egtved Camping\",\"description\":\"Slow camp - back to nature\",\"publisher\":{\"@id\":\"https:\\\/\\\/egtvedcamping.dk\\\/de\\\/#organization\"},\"alternateName\":\"\u00c6gte Camping\",\"potentialAction\":[{\"@type\":\"SearchAction\",\"target\":{\"@type\":\"EntryPoint\",\"urlTemplate\":\"https:\\\/\\\/egtvedcamping.dk\\\/de\\\/?s={search_term_string}\"},\"query-input\":{\"@type\":\"PropertyValueSpecification\",\"valueRequired\":true,\"valueName\":\"search_term_string\"}}],\"inLanguage\":\"de\"},{\"@type\":\"Organization\",\"@id\":\"https:\\\/\\\/egtvedcamping.dk\\\/de\\\/#organization\",\"name\":\"Egtved Camping\",\"alternateName\":\"\u00c6gte Camping\",\"url\":\"https:\\\/\\\/egtvedcamping.dk\\\/de\\\/\",\"logo\":{\"@type\":\"ImageObject\",\"inLanguage\":\"de\",\"@id\":\"https:\\\/\\\/egtvedcamping.dk\\\/de\\\/#\\\/schema\\\/logo\\\/image\\\/\",\"url\":\"https:\\\/\\\/egtvedcamping.dk\\\/wp-content\\\/uploads\\\/2022\\\/12\\\/egtved-camping-logo800.png\",\"contentUrl\":\"https:\\\/\\\/egtvedcamping.dk\\\/wp-content\\\/uploads\\\/2022\\\/12\\\/egtved-camping-logo800.png\",\"width\":800,\"height\":197,\"caption\":\"Egtved Camping\"},\"image\":{\"@id\":\"https:\\\/\\\/egtvedcamping.dk\\\/de\\\/#\\\/schema\\\/logo\\\/image\\\/\"},\"sameAs\":[\"https:\\\/\\\/www.facebook.com\\\/profile.php?id=100064243891441\"],\"description\":\"Egtved Camping tilbyder ferie med fokus p\u00e5 natur, hygge og er t\u00e6t p\u00e5 Billund, hvor der er aktiviteter og oplevelser for hele familien, bl.a Legoland \u2013 Lalandia \u2013 Givskud ZOO.\",\"email\":\"post@egtvedcamping.dk\",\"telephone\":\"+45 75551832\"}]}<\/script>\n<!-- \/ Yoast SEO Premium plugin. -->","yoast_head_json":{"title":"Fr\u00fchling und Herbst - Egtved Camping","description":"Wir bieten saisonale Stellpl\u00e4tze f\u00fcr den Fr\u00fchling oder den Herbst an. Das sind ganz unterschiedliche Arten des Campings.","robots":{"index":"index","follow":"follow","max-snippet":"max-snippet:-1","max-image-preview":"max-image-preview:large","max-video-preview":"max-video-preview:-1"},"canonical":"https:\/\/egtvedcamping.dk\/de\/fruehling-und-herbst\/","og_locale":"de_DE","og_type":"article","og_title":"Fr\u00fchling und Herbst","og_description":"Wir bieten saisonale Stellpl\u00e4tze f\u00fcr den Fr\u00fchling oder den Herbst an. Das sind ganz unterschiedliche Arten des Campings.","og_url":"https:\/\/egtvedcamping.dk\/de\/fruehling-und-herbst\/","og_site_name":"Egtved Camping","article_publisher":"https:\/\/www.facebook.com\/profile.php?id=100064243891441","article_modified_time":"2026-02-02T22:01:55+00:00","og_image":[{"url":"https:\/\/egtvedcamping.dk\/wp-content\/uploads\/2026\/01\/2A8C85EB-5A04-48F1-A4DC-C2FFA113546D.webp","type":"","width":"","height":""}],"twitter_misc":{"Gesch\u00e4tzte Lesezeit":"28\u00a0Minuten"},"schema":{"@context":"https:\/\/schema.org","@graph":[{"@type":"WebPage","@id":"https:\/\/egtvedcamping.dk\/de\/fruehling-und-herbst\/","url":"https:\/\/egtvedcamping.dk\/de\/fruehling-und-herbst\/","name":"Fr\u00fchling und Herbst - Egtved Camping","isPartOf":{"@id":"https:\/\/egtvedcamping.dk\/de\/#website"},"primaryImageOfPage":{"@id":"https:\/\/egtvedcamping.dk\/de\/fruehling-und-herbst\/#primaryimage"},"image":{"@id":"https:\/\/egtvedcamping.dk\/de\/fruehling-und-herbst\/#primaryimage"},"thumbnailUrl":"https:\/\/egtvedcamping.dk\/wp-content\/uploads\/2026\/01\/2A8C85EB-5A04-48F1-A4DC-C2FFA113546D.webp","datePublished":"2026-01-19T11:20:43+00:00","dateModified":"2026-02-02T22:01:55+00:00","description":"Wir bieten saisonale Stellpl\u00e4tze f\u00fcr den Fr\u00fchling oder den Herbst an. Das sind ganz unterschiedliche Arten des Campings.","breadcrumb":{"@id":"https:\/\/egtvedcamping.dk\/de\/fruehling-und-herbst\/#breadcrumb"},"inLanguage":"de","potentialAction":[{"@type":"ReadAction","target":["https:\/\/egtvedcamping.dk\/de\/fruehling-und-herbst\/"]}]},{"@type":"ImageObject","inLanguage":"de","@id":"https:\/\/egtvedcamping.dk\/de\/fruehling-und-herbst\/#primaryimage","url":"https:\/\/egtvedcamping.dk\/wp-content\/uploads\/2026\/01\/2A8C85EB-5A04-48F1-A4DC-C2FFA113546D.webp","contentUrl":"https:\/\/egtvedcamping.dk\/wp-content\/uploads\/2026\/01\/2A8C85EB-5A04-48F1-A4DC-C2FFA113546D.webp"},{"@type":"BreadcrumbList","@id":"https:\/\/egtvedcamping.dk\/de\/fruehling-und-herbst\/#breadcrumb","itemListElement":[{"@type":"ListItem","position":1,"name":"Home","item":"https:\/\/egtvedcamping.dk\/de\/egtved-camping\/"},{"@type":"ListItem","position":2,"name":"Fr\u00fchling und Herbst"}]},{"@type":"WebSite","@id":"https:\/\/egtvedcamping.dk\/de\/#website","url":"https:\/\/egtvedcamping.dk\/de\/","name":"Egtved Camping","description":"Slow camp - back to nature","publisher":{"@id":"https:\/\/egtvedcamping.dk\/de\/#organization"},"alternateName":"\u00c6gte Camping","potentialAction":[{"@type":"SearchAction","target":{"@type":"EntryPoint","urlTemplate":"https:\/\/egtvedcamping.dk\/de\/?s={search_term_string}"},"query-input":{"@type":"PropertyValueSpecification","valueRequired":true,"valueName":"search_term_string"}}],"inLanguage":"de"},{"@type":"Organization","@id":"https:\/\/egtvedcamping.dk\/de\/#organization","name":"Egtved Camping","alternateName":"\u00c6gte Camping","url":"https:\/\/egtvedcamping.dk\/de\/","logo":{"@type":"ImageObject","inLanguage":"de","@id":"https:\/\/egtvedcamping.dk\/de\/#\/schema\/logo\/image\/","url":"https:\/\/egtvedcamping.dk\/wp-content\/uploads\/2022\/12\/egtved-camping-logo800.png","contentUrl":"https:\/\/egtvedcamping.dk\/wp-content\/uploads\/2022\/12\/egtved-camping-logo800.png","width":800,"height":197,"caption":"Egtved Camping"},"image":{"@id":"https:\/\/egtvedcamping.dk\/de\/#\/schema\/logo\/image\/"},"sameAs":["https:\/\/www.facebook.com\/profile.php?id=100064243891441"],"description":"Egtved Camping tilbyder ferie med fokus p\u00e5 natur, hygge og er t\u00e6t p\u00e5 Billund, hvor der er aktiviteter og oplevelser for hele familien, bl.a Legoland \u2013 Lalandia \u2013 Givskud ZOO.","email":"post@egtvedcamping.dk","telephone":"+45 75551832"}]}},"builder_content":"<h1>Fr\u00fchling und Herbst&nbsp;<\/h1>\n<h2>Das ganze Jahr \u00fcber ge\u00f6ffnet<\/h2> <p>Camping au\u00dferhalb der Saison ist eine Option auf Egtved Camping, da wir das ganze Jahr \u00fcber ge\u00f6ffnet sind.<\/p> <p>Manche Camper ziehen im Sommer gerne mit ihrem Wohnwagen umher, genie\u00dfen es aber, in der Nebensaison eine feste Basis zu haben, um von zu Hause wegzukommen, ohne sich jedes Mal, wenn sie unterwegs sind, um einen neuen Standort k\u00fcmmern zu m\u00fcssen. <\/p> <h2>Saisonale Stellpl\u00e4tze<\/h2> <p>Zu diesem Zweck bieten wir Saisonpl\u00e4tze f\u00fcr den Fr\u00fchling oder den Herbst an. Das sind zwei ganz unterschiedliche Arten des Campings, obwohl es sich im Grunde um die gleiche Art von Aufenthalt handelt. N\u00e4mlich auf dem Campingplatz zu sein, wo weniger los ist, weniger Touristen und somit mehr Pr\u00e4senz unter den G\u00e4sten, die vor Ort sind. <\/p> <p>Nat\u00fcrlich k\u00f6nnen Sie auch f\u00fcr ein paar Tage zelten, Sie m\u00fcssen nicht unbedingt einen Saisonplatz buchen<\/p> <p> <\/p>\n<img src=\"https:\/\/egtvedcamping.dk\/wp-content\/uploads\/2026\/01\/2A8C85EB-5A04-48F1-A4DC-C2FFA113546D.webp\" title=\"2A8C85EB-5A04-48F1-A4DC-C2FFA113546D\" alt=\"2A8C85EB-5A04-48F1-A4DC-C2FFA113546D\" srcset=\"https:\/\/egtvedcamping.dk\/wp-content\/uploads\/2026\/01\/2A8C85EB-5A04-48F1-A4DC-C2FFA113546D.webp 1440w, https:\/\/egtvedcamping.dk\/wp-content\/uploads\/2026\/01\/2A8C85EB-5A04-48F1-A4DC-C2FFA113546D-225x300.webp 225w, https:\/\/egtvedcamping.dk\/wp-content\/uploads\/2026\/01\/2A8C85EB-5A04-48F1-A4DC-C2FFA113546D-768x1024.webp 768w, https:\/\/egtvedcamping.dk\/wp-content\/uploads\/2026\/01\/2A8C85EB-5A04-48F1-A4DC-C2FFA113546D-1152x1536.webp 1152w\" sizes=\"(max-width: 1440px) 100vw, 1440px\" \/>\n<h2>Fr\u00fchlingszeit<\/h2> <p>Der Fr\u00fchling ist gekennzeichnet durch die Vorbereitung auf die Ankunft des Sommers, und hier beginnt der Fr\u00fchling bereits am Freitag in Woche 11, also Mitte M\u00e4rz. Er dauert bis Freitag in Woche 25. <\/p> <p>Als Camper werden Sie Zeuge, wie Hecken gestutzt, Terrassen entr\u00fcmpelt, Fahnenmasten aufgestellt, Spielpl\u00e4tze gej\u00e4tet, Glamping-Zelte aufgebaut, H\u00fctten gestrichen, Gartenm\u00f6bel aufgestellt werden und vieles, vieles mehr. Die Ruhe vor dem Sturm. <\/p> <h2>Vintercampisterne<\/h2> <p>Dies ist auch die Zeit, in der die Wintercamper aus dem Winterschlaf erwachen und \u00e4u\u00dferst neugierig auf die neuen Nachbarn sind. Sowohl diejenigen, die noch nicht \u00fcberwintert haben, als auch diejenigen, die gerade einen Fr\u00fchlingsplatz erworben haben. Eines der Anzeichen daf\u00fcr, dass der Fr\u00fchling im Anmarsch ist, ist die \u00d6ffnung des Wassers auf dem Campingplatz. Dann fangen die Leute an, ihre Wohnwagen zu reinigen. <\/p> <p>Viele Menschen haben das Bed\u00fcrfnis, nach dem Winterschlaf ein wenig aktiv zu sein, und im April laden wir alle, die mit anpacken wollen, zu einem gemeinsamen Arbeitstag ein, an dem wir den Platz auf Vordermann bringen, damit er sch\u00f6n aussieht und f\u00fcr viele gl\u00fcckliche Camper bereit ist. Der Arbeitstag ist ein Tag, an dem wir als Gastgeber ein paar dringend ben\u00f6tigte helfende H\u00e4nde bekommen. Ein gro\u00dfer Bonus sowohl f\u00fcr uns als auch f\u00fcr die Camper ist, dass das Gef\u00fchl des Eigentums an Egtved Camping gest\u00e4rkt wird, wenn Camper und andere G\u00e4ste bei der Instandhaltung des Platzes helfen. Verantwortung und Eigenverantwortung sind ein gro\u00dfer Wert f\u00fcr uns, und wir k\u00f6nnen nur stolz sein auf den Zusammenhalt, den unsere Camper zeigen, besonders an einem Tag wie diesem! Keine Aufgabe ist zu klein, es gibt Platz f\u00fcr alle Arten von Hilfe. <\/p> <h2>Herbst<\/h2> <p>Der Herbst ist nat\u00fcrlich eine andere Art von gesch\u00e4ftiger Zeit, da alles zusammengepackt und f\u00fcr den Winter vorbereitet werden muss. Die Konzertpavillons werden abgebaut, das H\u00fctteninventar wird in Kisten verpackt, das Wasser auf dem Gel\u00e4nde wird abgestellt, das Laub wird zusammengeharkt und das Gras wird zum letzten Mal geschnitten. Die Herbstsaison dauert von Ende August bis zu den Herbstferien in Woche 42. <\/p>\n<img src=\"https:\/\/egtvedcamping.dk\/wp-content\/uploads\/2026\/01\/IMG_5645.webp\" title=\"IMG_5645\" alt=\"IMG_5645\" srcset=\"https:\/\/egtvedcamping.dk\/wp-content\/uploads\/2026\/01\/IMG_5645.webp 1039w, https:\/\/egtvedcamping.dk\/wp-content\/uploads\/2026\/01\/IMG_5645-162x300.webp 162w, https:\/\/egtvedcamping.dk\/wp-content\/uploads\/2026\/01\/IMG_5645-554x1024.webp 554w, https:\/\/egtvedcamping.dk\/wp-content\/uploads\/2026\/01\/IMG_5645-768x1419.webp 768w, https:\/\/egtvedcamping.dk\/wp-content\/uploads\/2026\/01\/IMG_5645-831x1536.webp 831w\" sizes=\"(max-width: 1039px) 100vw, 1039px\" \/>\n<h2>Gem\u00fctlichkeit und Entspannung<\/h2> <p>Die gro\u00dfe Mehrheit der Camper liebt Gem\u00fctlichkeit und Entspannung, und das sind zwei Schl\u00fcsselw\u00f6rter, die Egtved Camping auszeichnen. Entschleunigung. Und das k\u00f6nnen Sie nicht vermeiden, wenn Sie in der Nebensaison campen. <\/p> <p>Hier erleben Sie die Vorher- und Nachher-Party. Sie erleben den Bau und den Abriss. <\/p> <p>Fr\u00fchling und Herbst sind nat\u00fcrlich anders als Sommer und Winter. W\u00e4hrend der Sommercampingplatz gesch\u00e4ftig und gesch\u00e4ftig ist und der Winter das genaue Gegenteil ist, liegen Fr\u00fchling und Herbst genau dazwischen. <\/p> <h2>Die aufkeimende Natur<\/h2> <p>Sie k\u00f6nnen die aufbl\u00fchende Natur genie\u00dfen, jeden Tag gibt es neue Baumknospen, neue Vogelstimmen und im sp\u00e4ten Fr\u00fchling h\u00f6ren Sie vielleicht schon die Nachtigall. Auch das Campingleben im Fr\u00fchling ist etwas Besonderes. Sie werden Camper sehen, die in Decken eingewickelt auf ihren Gartenm\u00f6beln sitzen und die ersten Sonnenstrahlen aufsaugen, das Wasser auf dem Campingplatz flie\u00dft und \u00fcberall h\u00f6rt man das leise Klirren von Kaffeetassen. <\/p> <p>Im Herbst, wenn die Bl\u00e4tter fallen, werden Sie Camper sehen, die Tag f\u00fcr Tag die letzte W\u00e4rme aus der Sonne herausholen, um sich dann kurz vor dem Winter wieder in die H\u00e4user zu verkriechen. <\/p> <p> <\/p>\n<img src=\"https:\/\/egtvedcamping.dk\/wp-content\/uploads\/2026\/01\/IMG_5644.webp\" title=\"IMG_5644\" alt=\"IMG_5644\" srcset=\"https:\/\/egtvedcamping.dk\/wp-content\/uploads\/2026\/01\/IMG_5644.webp 1220w, https:\/\/egtvedcamping.dk\/wp-content\/uploads\/2026\/01\/IMG_5644-191x300.webp 191w, https:\/\/egtvedcamping.dk\/wp-content\/uploads\/2026\/01\/IMG_5644-651x1024.webp 651w, https:\/\/egtvedcamping.dk\/wp-content\/uploads\/2026\/01\/IMG_5644-768x1209.webp 768w, https:\/\/egtvedcamping.dk\/wp-content\/uploads\/2026\/01\/IMG_5644-976x1536.webp 976w\" sizes=\"(max-width: 1220px) 100vw, 1220px\" \/>\n<h2>Camping in der Nebensaison<\/h2> <p>Camping in der Nebensaison auf Egtved Camping gibt Ihnen die M\u00f6glichkeit, es sich in unseren Gemeinschaftsr\u00e4umen gem\u00fctlich zu machen. Im Fr\u00fchjahr h\u00e4ufen sich die Gemeinschaftsveranstaltungen, die Menschen sind begierig darauf, andere kennenzulernen, und ein gemeinsames Essen ist immer ein guter Ausgangspunkt f\u00fcr die Geselligkeit, die die treibende Kraft des Campinglebens ist. Im Herbst werden die Dinge langsamer, aber das bedeutet nicht, dass Sie sich langweilen m\u00fcssen. &nbsp;&nbsp;Wir laden regelm\u00e4\u00dfig Leute zum Sonntagsmorgenkaffee ein oder schauen uns gemeinsam ein Fu\u00dfballspiel im Gemeinschaftsraum an, w\u00e4hrend wir gemeinsam eine Grillwurst essen. Oft sind es nur wenige Leute, aber dennoch sehr, sehr gem\u00fctlich, unpr\u00e4tenti\u00f6s und intim. Eine Variante, die Sie im Sommer nicht erleben. Echte Weiberzeit! <\/p> <h2><br><\/h2>\n<img src=\"https:\/\/egtvedcamping.dk\/wp-content\/uploads\/2026\/01\/IMG_7733.webp\" title=\"IMG_7733\" alt=\"IMG_7733\" srcset=\"https:\/\/egtvedcamping.dk\/wp-content\/uploads\/2026\/01\/IMG_7733.webp 1920w, https:\/\/egtvedcamping.dk\/wp-content\/uploads\/2026\/01\/IMG_7733-300x225.webp 300w, https:\/\/egtvedcamping.dk\/wp-content\/uploads\/2026\/01\/IMG_7733-1024x768.webp 1024w, https:\/\/egtvedcamping.dk\/wp-content\/uploads\/2026\/01\/IMG_7733-768x576.webp 768w, https:\/\/egtvedcamping.dk\/wp-content\/uploads\/2026\/01\/IMG_7733-1536x1152.webp 1536w\" sizes=\"(max-width: 1920px) 100vw, 1920px\" \/>\n<h2>Saisonale Stellpl\u00e4tze<\/h2> <p>Unser Gesch\u00e4ft und unsere Rezeption haben in der Nebensaison eingeschr\u00e4nkte \u00d6ffnungszeiten. Saisonale Stellpl\u00e4tze werden in Zusammenarbeit mit uns gebucht, aber Sie k\u00f6nnen Wochenend- oder Tagesaufenthalte online buchen und mit dem Code auf Ihrer Buchungsbest\u00e4tigung einchecken. Sie werden dann zu ausgew\u00e4hlten Stellpl\u00e4tzen geleitet, da in der Nebensaison nicht alle Stellpl\u00e4tze mit dem Wohnwagen zug\u00e4nglich sind. Wenn Sie Hilfe ben\u00f6tigen oder einfach einen pers\u00f6nlichen Service bevorzugen, k\u00f6nnen Sie zwischen 9-17 Uhr anrufen. <\/p> <h2>Dienstleistungsgeb\u00e4ude<\/h2> <p>Unsere Servicegeb\u00e4ude, d.h. Dusche und K\u00fcche, sind nat\u00fcrlich beheizt, aber es stehen weniger Toiletten zur Verf\u00fcgung.<\/p>\n<img src=\"https:\/\/egtvedcamping.dk\/wp-content\/uploads\/2026\/01\/image3.webp\" title=\"image3\" alt=\"image3\" srcset=\"https:\/\/egtvedcamping.dk\/wp-content\/uploads\/2026\/01\/image3.webp 1920w, https:\/\/egtvedcamping.dk\/wp-content\/uploads\/2026\/01\/image3-300x225.webp 300w, https:\/\/egtvedcamping.dk\/wp-content\/uploads\/2026\/01\/image3-1024x768.webp 1024w, https:\/\/egtvedcamping.dk\/wp-content\/uploads\/2026\/01\/image3-768x576.webp 768w, https:\/\/egtvedcamping.dk\/wp-content\/uploads\/2026\/01\/image3-1536x1152.webp 1536w\" sizes=\"(max-width: 1920px) 100vw, 1920px\" \/>\n<h2>Au\u00dferhalb der Saison<\/h2> <p>Wenn Sie Egtved Camping au\u00dferhalb der Saison erleben m\u00f6chten, aber entweder keinen Wohnwagen haben oder nur im Sommer campen m\u00f6chten, k\u00f6nnen Sie einige unserer H\u00fctten auch in den Wintermonaten mieten. Unsere Mobilheime sind beheizt und bieten Ihnen die M\u00f6glichkeit, das Campingleben zu erleben, ohne in einem Wohnwagen wohnen zu m\u00fcssen. Sie genie\u00dfen den Luxus, nicht mit kalten Schuhen zum Servicegeb\u00e4ude gehen zu m\u00fcssen, w\u00e4hrend Sie sich mit anderen Campern treffen k\u00f6nnen, wenn Sie m\u00f6chten. <\/p> <p>Die Gegend um Egtved ist ein einziges gro\u00dfes Eiszeitrelikt und f\u00fcr Naturliebhaber ist es sehr aufregend, die Natur zu erleben, die sich je nach Jahreszeit ver\u00e4ndert, in der Sie ihr begegnen. Die Natur ist hier immer pr\u00e4chtig und den Wechsel der Jahreszeiten zu erleben, wenn sich die Farben der Bl\u00e4tter \u00e4ndern, die Tage k\u00fcrzer oder l\u00e4nger werden, der Herbstwind direkt vor der T\u00fcr pfeift und der Fr\u00fchlingsregen leise gegen die Zeltplane oder das Dach des Wohnwagens klopft, macht das Campen zu einem einzigartigen Erlebnis. <\/p> <p>Das Urlaubserlebnis des Campings in den \u00e4u\u00dferen Jahreszeiten auf Egtved Camping ist eine Kombination aus Natur, Zweisamkeit und Gem\u00fctlichkeit und ist eine gute Option f\u00fcr alle, die Ruhe, Intimit\u00e4t und neue Eindr\u00fccke mit ihren Lieben oder mit anderen Campern suchen.<\/p>\n<img src=\"https:\/\/egtvedcamping.dk\/wp-content\/uploads\/2026\/01\/1000015457.webp\" title=\"1000015457\" alt=\"1000015457\" srcset=\"https:\/\/egtvedcamping.dk\/wp-content\/uploads\/2026\/01\/1000015457.webp 1920w, https:\/\/egtvedcamping.dk\/wp-content\/uploads\/2026\/01\/1000015457-300x225.webp 300w, https:\/\/egtvedcamping.dk\/wp-content\/uploads\/2026\/01\/1000015457-1024x768.webp 1024w, https:\/\/egtvedcamping.dk\/wp-content\/uploads\/2026\/01\/1000015457-768x576.webp 768w, https:\/\/egtvedcamping.dk\/wp-content\/uploads\/2026\/01\/1000015457-1536x1152.webp 1536w\" sizes=\"(max-width: 1920px) 100vw, 1920px\" \/>\n<h1>Fr\u00fchling und Herbst<\/h1> <p>Camping au\u00dferhalb der Saison ist eine Option auf Egtved Camping, da wir das ganze Jahr \u00fcber ge\u00f6ffnet sind.<\/p> <p>Manche Camper ziehen im Sommer gerne mit ihrem Wohnwagen umher, genie\u00dfen es aber, in der Nebensaison eine feste Basis zu haben, um von zu Hause wegzukommen, ohne sich jedes Mal, wenn sie unterwegs sind, um einen neuen Standort k\u00fcmmern zu m\u00fcssen. <\/p> <p>Zu diesem Zweck bieten wir Saisonpl\u00e4tze f\u00fcr den Fr\u00fchling oder den Herbst an. Das sind zwei ganz unterschiedliche Arten des Campings, obwohl es sich im Grunde um die gleiche Art von Aufenthalt handelt. N\u00e4mlich auf dem Campingplatz zu sein, wo weniger los ist, weniger Touristen und somit mehr Pr\u00e4senz unter den G\u00e4sten, die vor Ort sind. <\/p> <p>Nat\u00fcrlich k\u00f6nnen Sie auch f\u00fcr ein paar Tage zelten, Sie m\u00fcssen nicht unbedingt einen Saisonplatz buchen<\/p> <p>Der Fr\u00fchling ist gekennzeichnet durch die Vorbereitung auf die Ankunft des Sommers, und hier beginnt der Fr\u00fchling bereits am Freitag in Woche 11, also Mitte M\u00e4rz. Er dauert bis Freitag in Woche 25. <\/p> <p>Als Camper werden Sie Zeuge, wie Hecken gestutzt, Terrassen entr\u00fcmpelt, Fahnenmasten aufgestellt, Spielpl\u00e4tze gej\u00e4tet, Glamping-Zelte aufgebaut, H\u00fctten gestrichen, Gartenm\u00f6bel aufgestellt werden und vieles, vieles mehr. Die Ruhe vor dem Sturm. <\/p> <p>Dies ist auch die Zeit, in der die Wintercamper aus dem Winterschlaf erwachen und \u00e4u\u00dferst neugierig auf die neuen Nachbarn sind. Sowohl diejenigen, die noch nicht \u00fcberwintert haben, als auch diejenigen, die gerade einen Fr\u00fchlingsplatz erworben haben. Eines der Anzeichen daf\u00fcr, dass der Fr\u00fchling im Anmarsch ist, ist die \u00d6ffnung des Wassers auf dem Campingplatz. Dann fangen die Leute an, ihre Wohnwagen zu reinigen. <\/p> <p>Viele Menschen haben das Bed\u00fcrfnis, nach dem Winterschlaf ein wenig aktiv zu sein, und im April laden wir alle, die mit anpacken wollen, zu einem gemeinsamen Arbeitstag ein, an dem wir den Platz auf Vordermann bringen, damit er sch\u00f6n aussieht und f\u00fcr viele gl\u00fcckliche Camper bereit ist. Der Arbeitstag ist ein Tag, an dem wir als Gastgeber ein paar dringend ben\u00f6tigte helfende H\u00e4nde bekommen. Ein gro\u00dfer Bonus sowohl f\u00fcr uns als auch f\u00fcr die Camper ist, dass das Gef\u00fchl des Eigentums an Egtved Camping gest\u00e4rkt wird, wenn Camper und andere G\u00e4ste bei der Instandhaltung des Platzes helfen. Verantwortung und Eigenverantwortung sind ein gro\u00dfer Wert f\u00fcr uns, und wir k\u00f6nnen nur stolz sein auf den Zusammenhalt, den unsere Camper zeigen, besonders an einem Tag wie diesem! Keine Aufgabe ist zu klein, es gibt Platz f\u00fcr alle Arten von Hilfe. <\/p> <p>Der Herbst ist nat\u00fcrlich eine andere Art von gesch\u00e4ftiger Zeit, da alles zusammengepackt und f\u00fcr den Winter vorbereitet werden muss. Die Konzertpavillons werden abgebaut, das H\u00fctteninventar wird in Kisten verpackt, das Wasser auf dem Gel\u00e4nde wird abgestellt, das Laub wird zusammengeharkt und das Gras wird zum letzten Mal geschnitten. Die Herbstsaison dauert von Ende August bis zu den Herbstferien in Woche 42. <\/p> <p>Die gro\u00dfe Mehrheit der Camper liebt Gem\u00fctlichkeit und Entspannung, und das sind zwei Schl\u00fcsselw\u00f6rter, die Egtved Camping auszeichnen. Entschleunigung. Und das k\u00f6nnen Sie nicht vermeiden, wenn Sie in der Nebensaison campen. <\/p> <p>Hier erleben Sie die Vorher- und Nachher-Party. Sie erleben den Bau und den Abriss. <\/p> <p>Fr\u00fchling und Herbst sind nat\u00fcrlich anders als Sommer und Winter. W\u00e4hrend der Sommercampingplatz gesch\u00e4ftig und gesch\u00e4ftig ist und der Winter das genaue Gegenteil ist, liegen Fr\u00fchling und Herbst genau dazwischen. <\/p> <p>Sie k\u00f6nnen die aufbl\u00fchende Natur genie\u00dfen, jeden Tag gibt es neue Baumknospen, neue Vogelstimmen und im sp\u00e4ten Fr\u00fchling h\u00f6ren Sie vielleicht schon die Nachtigall. Auch das Campingleben im Fr\u00fchling ist etwas Besonderes. Sie werden Camper sehen, die in Decken eingewickelt auf ihren Gartenm\u00f6beln sitzen und die ersten Sonnenstrahlen aufsaugen, das Wasser auf dem Campingplatz flie\u00dft und \u00fcberall h\u00f6rt man das leise Klirren von Kaffeetassen. <\/p> <p>Im Herbst, wenn die Bl\u00e4tter fallen, werden Sie Camper sehen, die Tag f\u00fcr Tag die letzte W\u00e4rme aus der Sonne herausholen, um sich dann kurz vor dem Winter wieder in die H\u00e4user zu verkriechen. <\/p> <p>Camping in der Nebensaison auf Egtved Camping gibt Ihnen die M\u00f6glichkeit, es sich in unseren Gemeinschaftsr\u00e4umen gem\u00fctlich zu machen. Im Fr\u00fchjahr h\u00e4ufen sich die Gemeinschaftsveranstaltungen, die Menschen sind begierig darauf, andere kennenzulernen, und ein gemeinsames Essen ist immer ein guter Ausgangspunkt f\u00fcr die Geselligkeit, die die treibende Kraft des Campinglebens ist. Im Herbst wird es ruhiger, aber das bedeutet nicht, dass Sie sich langweilen m\u00fcssen. Wir laden Sie regelm\u00e4\u00dfig zum Sonntagmorgenkaffee ein oder schauen uns gemeinsam ein Fu\u00dfballspiel im Gemeinschaftsraum an, w\u00e4hrend wir gemeinsam eine Grillwurst essen, oft mit mehreren Personen, aber dennoch sehr, sehr gem\u00fctlich, unpr\u00e4tenti\u00f6s und intim. Eine Version, die Sie im Sommer nicht erleben. Echte Weiberzeit! <\/p> <p>Unser Gesch\u00e4ft und unsere Rezeption haben in der Nebensaison eingeschr\u00e4nkte \u00d6ffnungszeiten. Saisonale Stellpl\u00e4tze werden in Zusammenarbeit mit uns gebucht, aber Sie k\u00f6nnen Wochenend- oder Tagesaufenthalte online buchen und mit dem Code auf Ihrer Buchungsbest\u00e4tigung einchecken. Sie werden dann zu ausgew\u00e4hlten Stellpl\u00e4tzen geleitet, da in der Nebensaison nicht alle Stellpl\u00e4tze mit dem Wohnwagen zug\u00e4nglich sind. Wenn Sie Hilfe ben\u00f6tigen oder einfach einen pers\u00f6nlichen Service bevorzugen, k\u00f6nnen Sie zwischen 9-17 Uhr anrufen. <\/p> <p>Unsere Servicegeb\u00e4ude, d.h. Dusche und K\u00fcche, sind nat\u00fcrlich beheizt, aber es stehen weniger Toiletten zur Verf\u00fcgung. <\/p> <p>Wenn Sie Egtved Camping au\u00dferhalb der Saison erleben m\u00f6chten, aber entweder keinen Wohnwagen haben oder nur im Sommer campen m\u00f6chten, k\u00f6nnen Sie einige unserer H\u00fctten auch in den Wintermonaten mieten. Unsere Mobilheime sind beheizt und bieten Ihnen die M\u00f6glichkeit, das Campingleben zu erleben, ohne in einem Wohnwagen wohnen zu m\u00fcssen. Sie genie\u00dfen den Luxus, nicht mit kalten Schuhen zum Servicegeb\u00e4ude gehen zu m\u00fcssen, w\u00e4hrend Sie sich mit anderen Campern treffen k\u00f6nnen, wenn Sie m\u00f6chten. <\/p> <p>Die Gegend um Egtved ist ein einziges gro\u00dfes Eiszeitrelikt und f\u00fcr Naturliebhaber ist es sehr aufregend, die Natur zu erleben, die sich je nach Jahreszeit ver\u00e4ndert, in der Sie ihr begegnen. Die Natur ist hier immer pr\u00e4chtig und den Wechsel der Jahreszeiten zu erleben, wenn sich die Farben der Bl\u00e4tter \u00e4ndern, die Tage k\u00fcrzer oder l\u00e4nger werden, der Herbstwind direkt vor der T\u00fcr pfeift und der Fr\u00fchlingsregen leise gegen die Zeltplane oder das Dach des Wohnwagens klopft, macht das Campen zu einem einzigartigen Erlebnis. <\/p> <p>Das Urlaubserlebnis des Campings in den \u00e4u\u00dferen Jahreszeiten auf Egtved Camping ist eine Kombination aus Natur, Zweisamkeit und Gem\u00fctlichkeit und ist eine gute Option f\u00fcr alle, die Ruhe, Intimit\u00e4t und neue Eindr\u00fccke mit ihren Lieben oder mit anderen Campern suchen.<\/p>\n<img src=\"https:\/\/egtvedcamping.dk\/wp-content\/uploads\/2026\/01\/2A8C85EB-5A04-48F1-A4DC-C2FFA113546D.webp\" title=\"2A8C85EB-5A04-48F1-A4DC-C2FFA113546D\" alt=\"2A8C85EB-5A04-48F1-A4DC-C2FFA113546D\" srcset=\"https:\/\/egtvedcamping.dk\/wp-content\/uploads\/2026\/01\/2A8C85EB-5A04-48F1-A4DC-C2FFA113546D.webp 1440w, https:\/\/egtvedcamping.dk\/wp-content\/uploads\/2026\/01\/2A8C85EB-5A04-48F1-A4DC-C2FFA113546D-225x300.webp 225w, https:\/\/egtvedcamping.dk\/wp-content\/uploads\/2026\/01\/2A8C85EB-5A04-48F1-A4DC-C2FFA113546D-768x1024.webp 768w, https:\/\/egtvedcamping.dk\/wp-content\/uploads\/2026\/01\/2A8C85EB-5A04-48F1-A4DC-C2FFA113546D-1152x1536.webp 1152w\" sizes=\"(max-width: 1440px) 100vw, 1440px\" \/>\n<img src=\"https:\/\/egtvedcamping.dk\/wp-content\/uploads\/2026\/01\/IMG_5645.webp\" title=\"IMG_5645\" alt=\"IMG_5645\" srcset=\"https:\/\/egtvedcamping.dk\/wp-content\/uploads\/2026\/01\/IMG_5645.webp 1039w, https:\/\/egtvedcamping.dk\/wp-content\/uploads\/2026\/01\/IMG_5645-162x300.webp 162w, https:\/\/egtvedcamping.dk\/wp-content\/uploads\/2026\/01\/IMG_5645-554x1024.webp 554w, https:\/\/egtvedcamping.dk\/wp-content\/uploads\/2026\/01\/IMG_5645-768x1419.webp 768w, https:\/\/egtvedcamping.dk\/wp-content\/uploads\/2026\/01\/IMG_5645-831x1536.webp 831w\" sizes=\"(max-width: 1039px) 100vw, 1039px\" \/>\n<img src=\"https:\/\/egtvedcamping.dk\/wp-content\/uploads\/2026\/01\/IMG_5644.webp\" title=\"IMG_5644\" alt=\"IMG_5644\" srcset=\"https:\/\/egtvedcamping.dk\/wp-content\/uploads\/2026\/01\/IMG_5644.webp 1220w, https:\/\/egtvedcamping.dk\/wp-content\/uploads\/2026\/01\/IMG_5644-191x300.webp 191w, https:\/\/egtvedcamping.dk\/wp-content\/uploads\/2026\/01\/IMG_5644-651x1024.webp 651w, https:\/\/egtvedcamping.dk\/wp-content\/uploads\/2026\/01\/IMG_5644-768x1209.webp 768w, https:\/\/egtvedcamping.dk\/wp-content\/uploads\/2026\/01\/IMG_5644-976x1536.webp 976w\" sizes=\"(max-width: 1220px) 100vw, 1220px\" \/>\n<img src=\"https:\/\/egtvedcamping.dk\/wp-content\/uploads\/2026\/01\/IMG_7733.webp\" title=\"IMG_7733\" alt=\"IMG_7733\" srcset=\"https:\/\/egtvedcamping.dk\/wp-content\/uploads\/2026\/01\/IMG_7733.webp 1920w, https:\/\/egtvedcamping.dk\/wp-content\/uploads\/2026\/01\/IMG_7733-300x225.webp 300w, https:\/\/egtvedcamping.dk\/wp-content\/uploads\/2026\/01\/IMG_7733-1024x768.webp 1024w, https:\/\/egtvedcamping.dk\/wp-content\/uploads\/2026\/01\/IMG_7733-768x576.webp 768w, https:\/\/egtvedcamping.dk\/wp-content\/uploads\/2026\/01\/IMG_7733-1536x1152.webp 1536w\" sizes=\"(max-width: 1920px) 100vw, 1920px\" \/>\n<img src=\"https:\/\/egtvedcamping.dk\/wp-content\/uploads\/2026\/01\/image3.webp\" title=\"image3\" alt=\"image3\" srcset=\"https:\/\/egtvedcamping.dk\/wp-content\/uploads\/2026\/01\/image3.webp 1920w, https:\/\/egtvedcamping.dk\/wp-content\/uploads\/2026\/01\/image3-300x225.webp 300w, https:\/\/egtvedcamping.dk\/wp-content\/uploads\/2026\/01\/image3-1024x768.webp 1024w, https:\/\/egtvedcamping.dk\/wp-content\/uploads\/2026\/01\/image3-768x576.webp 768w, https:\/\/egtvedcamping.dk\/wp-content\/uploads\/2026\/01\/image3-1536x1152.webp 1536w\" sizes=\"(max-width: 1920px) 100vw, 1920px\" \/>\n<img src=\"https:\/\/egtvedcamping.dk\/wp-content\/uploads\/2026\/01\/1000015457.webp\" title=\"1000015457\" alt=\"1000015457\" srcset=\"https:\/\/egtvedcamping.dk\/wp-content\/uploads\/2026\/01\/1000015457.webp 1920w, https:\/\/egtvedcamping.dk\/wp-content\/uploads\/2026\/01\/1000015457-300x225.webp 300w, https:\/\/egtvedcamping.dk\/wp-content\/uploads\/2026\/01\/1000015457-1024x768.webp 1024w, https:\/\/egtvedcamping.dk\/wp-content\/uploads\/2026\/01\/1000015457-768x576.webp 768w, https:\/\/egtvedcamping.dk\/wp-content\/uploads\/2026\/01\/1000015457-1536x1152.webp 1536w\" sizes=\"(max-width: 1920px) 100vw, 1920px\" \/>","_links":{"self":[{"href":"https:\/\/egtvedcamping.dk\/de\/wp-json\/wp\/v2\/pages\/10641","targetHints":{"allow":["GET"]}}],"collection":[{"href":"https:\/\/egtvedcamping.dk\/de\/wp-json\/wp\/v2\/pages"}],"about":[{"href":"https:\/\/egtvedcamping.dk\/de\/wp-json\/wp\/v2\/types\/page"}],"author":[{"embeddable":true,"href":"https:\/\/egtvedcamping.dk\/de\/wp-json\/wp\/v2\/users\/8"}],"replies":[{"embeddable":true,"href":"https:\/\/egtvedcamping.dk\/de\/wp-json\/wp\/v2\/comments?post=10641"}],"version-history":[{"count":6,"href":"https:\/\/egtvedcamping.dk\/de\/wp-json\/wp\/v2\/pages\/10641\/revisions"}],"predecessor-version":[{"id":11217,"href":"https:\/\/egtvedcamping.dk\/de\/wp-json\/wp\/v2\/pages\/10641\/revisions\/11217"}],"wp:attachment":[{"href":"https:\/\/egtvedcamping.dk\/de\/wp-json\/wp\/v2\/media?parent=10641"}],"curies":[{"name":"wp","href":"https:\/\/api.w.org\/{rel}","templated":true}]}}